{"id":5501,"date":"2022-10-07T05:20:38","date_gmt":"2022-10-07T05:20:38","guid":{"rendered":"https:\/\/jetzt-erst-recht.info\/?page_id=5501"},"modified":"2026-03-26T21:19:59","modified_gmt":"2026-03-26T21:19:59","slug":"medien","status":"publish","type":"page","link":"https:\/\/jetzt-erst-recht.info\/en\/medien\/","title":{"rendered":"Highlights"},"content":{"rendered":"<div data-elementor-type=\"wp-page\" data-elementor-id=\"5501\" class=\"elementor elementor-5501\">\n\t\t\t\t\t\t<section class=\"elementor-section elementor-top-section elementor-element elementor-element-a1818d1 elementor-section-content-middle elementor-section-height-min-height elementor-section-boxed elementor-section-height-default elementor-section-items-middle\" data-id=\"a1818d1\" data-element_type=\"section\" data-e-type=\"section\" data-settings=\"{&quot;background_background&quot;:&quot;classic&quot;}\">\n\t\t\t\t\t\t\t<div class=\"elementor-background-overlay\"><\/div>\n\t\t\t\t\t\t\t<div class=\"elementor-container elementor-column-gap-narrow\">\n\t\t\t\t\t<div class=\"elementor-column elementor-col-100 elementor-top-column elementor-element elementor-element-6c31349c\" data-id=\"6c31349c\" data-element_type=\"column\" data-e-type=\"column\">\n\t\t\t<div class=\"elementor-widget-wrap elementor-element-populated\">\n\t\t\t\t\t\t<div class=\"elementor-element elementor-element-314e40da elementor-widget elementor-widget-heading\" data-id=\"314e40da\" data-element_type=\"widget\" data-e-type=\"widget\" data-widget_type=\"heading.default\">\n\t\t\t\t<div class=\"elementor-widget-container\">\n\t\t\t\t\t<h3 class=\"elementor-heading-title elementor-size-default\">Highlights<\/h3>\t\t\t\t<\/div>\n\t\t\t\t<\/div>\n\t\t\t\t<div class=\"elementor-element elementor-element-206252e5 elementor-widget elementor-widget-heading\" data-id=\"206252e5\" data-element_type=\"widget\" data-e-type=\"widget\" data-widget_type=\"heading.default\">\n\t\t\t\t<div class=\"elementor-widget-container\">\n\t\t\t\t\t<h5 class=\"elementor-heading-title elementor-size-default\">\u201eWenn du es dir vorstellen kannst, kannst du es auch tun.\u201c<p> \nWalt Disney<\/h5>\t\t\t\t<\/div>\n\t\t\t\t<\/div>\n\t\t\t\t\t<\/div>\n\t\t<\/div>\n\t\t\t\t\t<\/div>\n\t\t<\/section>\n\t\t\t\t<section class=\"elementor-section elementor-top-section elementor-element elementor-element-57b14b66 elementor-section-content-middle elementor-section-boxed elementor-section-height-default elementor-section-height-default\" data-id=\"57b14b66\" data-element_type=\"section\" data-e-type=\"section\" data-settings=\"{&quot;background_background&quot;:&quot;classic&quot;}\">\n\t\t\t\t\t\t<div class=\"elementor-container elementor-column-gap-no\">\n\t\t\t\t\t<div class=\"elementor-column elementor-col-100 elementor-top-column elementor-element elementor-element-436de0f3\" data-id=\"436de0f3\" data-element_type=\"column\" data-e-type=\"column\">\n\t\t\t<div class=\"elementor-widget-wrap elementor-element-populated\">\n\t\t\t\t\t\t<div class=\"elementor-element elementor-element-42c6aa77 elementor-widget elementor-widget-text-editor\" data-id=\"42c6aa77\" data-element_type=\"widget\" data-e-type=\"widget\" data-widget_type=\"text-editor.default\">\n\t\t\t\t<div class=\"elementor-widget-container\">\n\t\t\t\t\t\t\t\t\t<p>Through my podcast, I have already built up many exciting networks and met great people. Here are some of my personal highlights.<\/p>\t\t\t\t\t\t\t\t<\/div>\n\t\t\t\t<\/div>\n\t\t\t\t<section class=\"elementor-section elementor-inner-section elementor-element elementor-element-98732fe elementor-section-boxed elementor-section-height-default elementor-section-height-default\" data-id=\"98732fe\" data-element_type=\"section\" data-e-type=\"section\" data-settings=\"{&quot;background_background&quot;:&quot;classic&quot;}\">\n\t\t\t\t\t\t<div class=\"elementor-container elementor-column-gap-default\">\n\t\t\t\t\t<div class=\"elementor-column elementor-col-50 elementor-inner-column elementor-element elementor-element-7c0e8b6\" data-id=\"7c0e8b6\" data-element_type=\"column\" data-e-type=\"column\">\n\t\t\t<div class=\"elementor-widget-wrap elementor-element-populated\">\n\t\t\t\t\t\t<div class=\"elementor-element elementor-element-99ff982 elementor-position-left elementor-vertical-align-middle elementor-widget elementor-widget-image-box\" data-id=\"99ff982\" data-element_type=\"widget\" data-e-type=\"widget\" data-widget_type=\"image-box.default\">\n\t\t\t\t<div class=\"elementor-widget-container\">\n\t\t\t\t\t<div class=\"elementor-image-box-wrapper\"><figure class=\"elementor-image-box-img\"><img fetchpriority=\"high\" decoding=\"async\" width=\"217\" height=\"300\" src=\"https:\/\/jetzt-erst-recht.info\/wp-content\/uploads\/2024\/12\/Foto-Cover-217x300.jpg\" class=\"attachment-medium size-medium wp-image-8505\" alt=\"\" srcset=\"https:\/\/jetzt-erst-recht.info\/wp-content\/uploads\/2024\/12\/Foto-Cover-217x300.jpg 217w, https:\/\/jetzt-erst-recht.info\/wp-content\/uploads\/2024\/12\/Foto-Cover-9x12.jpg 9w, https:\/\/jetzt-erst-recht.info\/wp-content\/uploads\/2024\/12\/Foto-Cover.jpg 703w\" sizes=\"(max-width: 217px) 100vw, 217px\" \/><\/figure><div class=\"elementor-image-box-content\"><h3 class=\"elementor-image-box-title\">Buchver\u00f6ffentlichung<\/h3><p class=\"elementor-image-box-description\">20. Dezember 2024<\/p><\/div><\/div>\t\t\t\t<\/div>\n\t\t\t\t<\/div>\n\t\t\t\t<div class=\"elementor-element elementor-element-8e0b064 elementor-widget elementor-widget-text-editor\" data-id=\"8e0b064\" data-element_type=\"widget\" data-e-type=\"widget\" data-widget_type=\"text-editor.default\">\n\t\t\t\t<div class=\"elementor-widget-container\">\n\t\t\t\t\t\t\t\t\t<p><em>\u201eEs gibt so viele positive Geschichten, wir m\u00fcssen sie \u00f6fter erz\u00e4hlen!\u201c<\/em><br \/><em>Positiv leben mit Parkinson \u2013 geht das \u00fcberhaupt?<\/em><br \/><em>Ja, sagen 50 Betroffene und Angeh\u00f6rige aus aller Welt.<\/em><br \/><em>Sie sind zu Gast in meinem Podcast \u201eJetzt erst recht \u2013 Positiv leben mit Parkinson\u201c und erz\u00e4hlen davon, was ihnen im Leben mit der Erkrankung Kraft und Zuversicht gibt.<\/em><br \/><em>Ein Buch, das Mut zum Leben macht \u2013 trotz oder gerade<\/em><br \/><em>wegen der Diagnose Parkinson! Jetzt erst recht!<\/em><\/p><p><br \/>Zwei Jahre lang habe ich gemeinsam mit Claudia Eyd an diesem Buchprojekt gearbeitet.<br \/>Wir haben viel Zeit, Energie und Herzblut in die Idee gesteckt, die vielen positiven Geschichten aus meinem Podcast auch in Buchform lesbar zu machen. Unser Wunsch ist, m\u00f6glichst viele Menschen, die von Parkinson betroffen sind, an den hilfreichen Impulsen meiner Interviewg\u00e4ste teilhaben zu lassen.<\/p><p>Ab Januar 2025 wird das Buch \u00fcberall erh\u00e4ltlich sein.<\/p>\t\t\t\t\t\t\t\t<\/div>\n\t\t\t\t<\/div>\n\t\t\t\t<div class=\"elementor-element elementor-element-9eb217c elementor-align-center elementor-widget elementor-widget-button\" data-id=\"9eb217c\" data-element_type=\"widget\" data-e-type=\"widget\" data-widget_type=\"button.default\">\n\t\t\t\t<div class=\"elementor-widget-container\">\n\t\t\t\t\t\t\t\t\t<div class=\"elementor-button-wrapper\">\n\t\t\t\t\t<a class=\"elementor-button elementor-button-link elementor-size-md\" href=\"https:\/\/jetzt-erst-recht.info\/en\/das-buch-zum-podcast\/\">\n\t\t\t\t\t\t<span class=\"elementor-button-content-wrapper\">\n\t\t\t\t\t\t\t\t\t<span class=\"elementor-button-text\">weitere Infos &amp; Bestellm\u00f6glichkeit<\/span>\n\t\t\t\t\t<\/span>\n\t\t\t\t\t<\/a>\n\t\t\t\t<\/div>\n\t\t\t\t\t\t\t\t<\/div>\n\t\t\t\t<\/div>\n\t\t\t\t\t<\/div>\n\t\t<\/div>\n\t\t\t\t<div class=\"elementor-column elementor-col-50 elementor-inner-column elementor-element elementor-element-4a6ff03\" data-id=\"4a6ff03\" data-element_type=\"column\" data-e-type=\"column\">\n\t\t\t<div class=\"elementor-widget-wrap\">\n\t\t\t\t\t\t\t<\/div>\n\t\t<\/div>\n\t\t\t\t\t<\/div>\n\t\t<\/section>\n\t\t\t\t<section class=\"elementor-section elementor-inner-section elementor-element elementor-element-adebe85 elementor-section-boxed elementor-section-height-default elementor-section-height-default\" data-id=\"adebe85\" data-element_type=\"section\" data-e-type=\"section\" data-settings=\"{&quot;background_background&quot;:&quot;classic&quot;}\">\n\t\t\t\t\t\t<div class=\"elementor-container elementor-column-gap-default\">\n\t\t\t\t\t<div class=\"elementor-column elementor-col-50 elementor-inner-column elementor-element elementor-element-3f70880\" data-id=\"3f70880\" data-element_type=\"column\" data-e-type=\"column\">\n\t\t\t<div class=\"elementor-widget-wrap elementor-element-populated\">\n\t\t\t\t\t\t<div class=\"elementor-element elementor-element-604113c elementor-position-left elementor-vertical-align-middle elementor-widget elementor-widget-image-box\" data-id=\"604113c\" data-element_type=\"widget\" data-e-type=\"widget\" data-widget_type=\"image-box.default\">\n\t\t\t\t<div class=\"elementor-widget-container\">\n\t\t\t\t\t<div class=\"elementor-image-box-wrapper\"><figure class=\"elementor-image-box-img\"><img decoding=\"async\" width=\"297\" height=\"300\" src=\"https:\/\/jetzt-erst-recht.info\/wp-content\/uploads\/2024\/12\/Online-Kongress-297x300.jpg\" class=\"attachment-medium size-medium wp-image-8625\" alt=\"\" srcset=\"https:\/\/jetzt-erst-recht.info\/wp-content\/uploads\/2024\/12\/Online-Kongress-297x300.jpg 297w, https:\/\/jetzt-erst-recht.info\/wp-content\/uploads\/2024\/12\/Online-Kongress-12x12.jpg 12w, https:\/\/jetzt-erst-recht.info\/wp-content\/uploads\/2024\/12\/Online-Kongress.jpg 301w\" sizes=\"(max-width: 297px) 100vw, 297px\" \/><\/figure><div class=\"elementor-image-box-content\"><h3 class=\"elementor-image-box-title\">als Referentin beim Parkinson Online Kongress<\/h3><p class=\"elementor-image-box-description\">Dezember 2024<\/p><\/div><\/div>\t\t\t\t<\/div>\n\t\t\t\t<\/div>\n\t\t\t\t<div class=\"elementor-element elementor-element-1d7e2ea elementor-widget elementor-widget-text-editor\" data-id=\"1d7e2ea\" data-element_type=\"widget\" data-e-type=\"widget\" data-widget_type=\"text-editor.default\">\n\t\t\t\t<div class=\"elementor-widget-container\">\n\t\t\t\t\t\t\t\t\t<p>Beim Parkinson Online Kongress von Dr. Mareike Schwedt durfte ich einen Vortrag halten \u00fcber meine pers\u00f6nlichen Erfahrungen mit der Parkinson-Diagnose. Es ging um die Themen Empowerment und Selbsterm\u00e4chtigung f\u00fcr Betroffene und deren Angeh\u00f6rige.\u00a0<\/p><p>Mit Mareike sprach ich dar\u00fcber,\u00a0 wie wichtig es ist Frieden mit der Krankheit zu schlie\u00dfen, Hilfe anzunehmen, Humor als Bew\u00e4ltigungsstrategie zu nutzen und Dankbarkeit f\u00fcr das zu zeigen, was weiterhin funktioniert. Durch soziale Interaktionen und das Entdecken neuer Bet\u00e4tigungsfelder kann die Lebensqualit\u00e4t gesteigert werden. Unser gemeinsames Ziel ist es, Betroffene zu ermutigen, sich der Krankheit zu stellen und positiv in die Zukunft zu blicken.<\/p>\t\t\t\t\t\t\t\t<\/div>\n\t\t\t\t<\/div>\n\t\t\t\t<div class=\"elementor-element elementor-element-a0a6f37 elementor-align-center elementor-widget elementor-widget-button\" data-id=\"a0a6f37\" data-element_type=\"widget\" data-e-type=\"widget\" data-widget_type=\"button.default\">\n\t\t\t\t<div class=\"elementor-widget-container\">\n\t\t\t\t\t\t\t\t\t<div class=\"elementor-button-wrapper\">\n\t\t\t\t\t<a class=\"elementor-button elementor-button-link elementor-size-md\" href=\"https:\/\/www.parkinsonkongress.de\/\">\n\t\t\t\t\t\t<span class=\"elementor-button-content-wrapper\">\n\t\t\t\t\t\t\t\t\t<span class=\"elementor-button-text\">zur Kongress-Seite<\/span>\n\t\t\t\t\t<\/span>\n\t\t\t\t\t<\/a>\n\t\t\t\t<\/div>\n\t\t\t\t\t\t\t\t<\/div>\n\t\t\t\t<\/div>\n\t\t\t\t\t<\/div>\n\t\t<\/div>\n\t\t\t\t<div class=\"elementor-column elementor-col-50 elementor-inner-column elementor-element elementor-element-b29c86e\" data-id=\"b29c86e\" data-element_type=\"column\" data-e-type=\"column\">\n\t\t\t<div class=\"elementor-widget-wrap elementor-element-populated\">\n\t\t\t\t\t\t<div class=\"elementor-element elementor-element-d543266 elementor-position-left elementor-vertical-align-middle elementor-widget elementor-widget-image-box\" data-id=\"d543266\" data-element_type=\"widget\" data-e-type=\"widget\" data-widget_type=\"image-box.default\">\n\t\t\t\t<div class=\"elementor-widget-container\">\n\t\t\t\t\t<div class=\"elementor-image-box-wrapper\"><figure class=\"elementor-image-box-img\"><img decoding=\"async\" width=\"300\" height=\"179\" src=\"https:\/\/jetzt-erst-recht.info\/wp-content\/uploads\/2024\/12\/Keynote--300x179.jpg\" class=\"attachment-medium size-medium wp-image-8620\" alt=\"\" srcset=\"https:\/\/jetzt-erst-recht.info\/wp-content\/uploads\/2024\/12\/Keynote--300x179.jpg 300w, https:\/\/jetzt-erst-recht.info\/wp-content\/uploads\/2024\/12\/Keynote--18x12.jpg 18w, https:\/\/jetzt-erst-recht.info\/wp-content\/uploads\/2024\/12\/Keynote-.jpg 638w\" sizes=\"(max-width: 300px) 100vw, 300px\" \/><\/figure><div class=\"elementor-image-box-content\"><h3 class=\"elementor-image-box-title\">Als Keynote-Speakerin beim Parkinson Netzwerkkongress<\/h3><p class=\"elementor-image-box-description\">22.11.2024<\/p><\/div><\/div>\t\t\t\t<\/div>\n\t\t\t\t<\/div>\n\t\t\t\t<div class=\"elementor-element elementor-element-94a025e elementor-widget__width-initial elementor-widget elementor-widget-text-editor\" data-id=\"94a025e\" data-element_type=\"widget\" data-e-type=\"widget\" data-widget_type=\"text-editor.default\">\n\t\t\t\t<div class=\"elementor-widget-container\">\n\t\t\t\t\t\t\t\t\t<p>Beim Parkinson Netzwerkkongress in Osnabr\u00fcck mit rund 300 unglaublich engagierten Therapeut:innen, Medizinern und Vertretern der Selbsthilfe durfte ich einen Vortrag aus Patient:innensicht halten und habe mich sehr \u00fcber die Einladung und das warmherzige Feedback im Anschluss gefreut!<br \/>Es war eine gro\u00dfartige Veranstaltung mit viel Wissensvermittlung und Austausch.<br \/>Die Parkinson-Netzwerke in Deutschland sind ein gro\u00dfer Gewinn f\u00fcr alle!<\/p>\t\t\t\t\t\t\t\t<\/div>\n\t\t\t\t<\/div>\n\t\t\t\t<div class=\"elementor-element elementor-element-73ffa32 elementor-align-center elementor-widget elementor-widget-button\" data-id=\"73ffa32\" data-element_type=\"widget\" data-e-type=\"widget\" data-widget_type=\"button.default\">\n\t\t\t\t<div class=\"elementor-widget-container\">\n\t\t\t\t\t\t\t\t\t<div class=\"elementor-button-wrapper\">\n\t\t\t\t\t<a class=\"elementor-button elementor-button-link elementor-size-md\" href=\"https:\/\/www.parkinsonnetzwerke.de\/\">\n\t\t\t\t\t\t<span class=\"elementor-button-content-wrapper\">\n\t\t\t\t\t\t\t\t\t<span class=\"elementor-button-text\">zur Homepage der Parkinson Netzwerke<\/span>\n\t\t\t\t\t<\/span>\n\t\t\t\t\t<\/a>\n\t\t\t\t<\/div>\n\t\t\t\t\t\t\t\t<\/div>\n\t\t\t\t<\/div>\n\t\t\t\t\t<\/div>\n\t\t<\/div>\n\t\t\t\t\t<\/div>\n\t\t<\/section>\n\t\t\t\t<section class=\"elementor-section elementor-inner-section elementor-element elementor-element-0c1aefd elementor-section-boxed elementor-section-height-default elementor-section-height-default\" data-id=\"0c1aefd\" data-element_type=\"section\" data-e-type=\"section\" data-settings=\"{&quot;background_background&quot;:&quot;classic&quot;}\">\n\t\t\t\t\t\t<div class=\"elementor-container elementor-column-gap-default\">\n\t\t\t\t\t<div class=\"elementor-column elementor-col-50 elementor-inner-column elementor-element elementor-element-eaacf12\" data-id=\"eaacf12\" data-element_type=\"column\" data-e-type=\"column\">\n\t\t\t<div class=\"elementor-widget-wrap elementor-element-populated\">\n\t\t\t\t\t\t<div class=\"elementor-element elementor-element-47bebeb elementor-position-left elementor-vertical-align-middle elementor-widget elementor-widget-image-box\" data-id=\"47bebeb\" data-element_type=\"widget\" data-e-type=\"widget\" data-widget_type=\"image-box.default\">\n\t\t\t\t<div class=\"elementor-widget-container\">\n\t\t\t\t\t<div class=\"elementor-image-box-wrapper\"><figure class=\"elementor-image-box-img\"><img loading=\"lazy\" decoding=\"async\" width=\"300\" height=\"109\" src=\"https:\/\/jetzt-erst-recht.info\/wp-content\/uploads\/2024\/12\/Can-I-click-it-300x109.jpg\" class=\"attachment-medium size-medium wp-image-8615\" alt=\"\" srcset=\"https:\/\/jetzt-erst-recht.info\/wp-content\/uploads\/2024\/12\/Can-I-click-it-300x109.jpg 300w, https:\/\/jetzt-erst-recht.info\/wp-content\/uploads\/2024\/12\/Can-I-click-it-768x278.jpg 768w, https:\/\/jetzt-erst-recht.info\/wp-content\/uploads\/2024\/12\/Can-I-click-it-18x7.jpg 18w, https:\/\/jetzt-erst-recht.info\/wp-content\/uploads\/2024\/12\/Can-I-click-it.jpg 842w\" sizes=\"(max-width: 300px) 100vw, 300px\" \/><\/figure><div class=\"elementor-image-box-content\"><h3 class=\"elementor-image-box-title\">zu Gast im Podcast \"Can I click it?\"<\/h3><p class=\"elementor-image-box-description\">18.10.2024<\/p><\/div><\/div>\t\t\t\t<\/div>\n\t\t\t\t<\/div>\n\t\t\t\t<div class=\"elementor-element elementor-element-d733dff elementor-widget elementor-widget-text-editor\" data-id=\"d733dff\" data-element_type=\"widget\" data-e-type=\"widget\" data-widget_type=\"text-editor.default\">\n\t\t\t\t<div class=\"elementor-widget-container\">\n\t\t\t\t\t\t\t\t\t<p>Ich war k\u00fcrzlich zu Gast in dem wunderbaren Podcast von Janina Breitling. Herzlichen Dank daf\u00fcr! <br \/>Janina ist eine bemerkenswerte Frau: Sie hat vor einigen Jahren ihren Job als TV Journalistin gek\u00fcndigt und ist mit ihrem damals f\u00fcnfj\u00e4hrigen Sohn f\u00fcr mehrere Jahre auf Weltreise gegangen. Daraus entstanden sind ein Buch, ein Podcast und ein ganz besonderes Start-up Unternehmen, das Frauen weltweit unterst\u00fctzt.<br \/>Janina fragt in ihrem Podcast \u201eCan I Click it?\u201c ihre G\u00e4ste, nach den besonderen Click-Momenten, die das Leben auf einmal in eine andere Richtung lenken.<br \/>Es war ein sehr sch\u00f6nes, empathisches und ber\u00fchrendes Gespr\u00e4ch.<br \/>H\u00f6rt unbedingt mal rein!<br \/>Danke Janina f\u00fcr dein gro\u00dfartiges Engagement!<\/p>\t\t\t\t\t\t\t\t<\/div>\n\t\t\t\t<\/div>\n\t\t\t\t<div class=\"elementor-element elementor-element-b383557 elementor-align-center elementor-widget elementor-widget-button\" data-id=\"b383557\" data-element_type=\"widget\" data-e-type=\"widget\" data-widget_type=\"button.default\">\n\t\t\t\t<div class=\"elementor-widget-container\">\n\t\t\t\t\t\t\t\t\t<div class=\"elementor-button-wrapper\">\n\t\t\t\t\t<a class=\"elementor-button elementor-button-link elementor-size-md\" href=\"https:\/\/open.spotify.com\/episode\/4PL7ZJMSkmtp5zPCDjK6we?si=bwo26b2zRsG82tZSufx77A\">\n\t\t\t\t\t\t<span class=\"elementor-button-content-wrapper\">\n\t\t\t\t\t\t\t\t\t<span class=\"elementor-button-text\">to the episode<\/span>\n\t\t\t\t\t<\/span>\n\t\t\t\t\t<\/a>\n\t\t\t\t<\/div>\n\t\t\t\t\t\t\t\t<\/div>\n\t\t\t\t<\/div>\n\t\t\t\t\t<\/div>\n\t\t<\/div>\n\t\t\t\t<div class=\"elementor-column elementor-col-50 elementor-inner-column elementor-element elementor-element-daf58a0\" data-id=\"daf58a0\" data-element_type=\"column\" data-e-type=\"column\">\n\t\t\t<div class=\"elementor-widget-wrap elementor-element-populated\">\n\t\t\t\t\t\t<div class=\"elementor-element elementor-element-69887dd elementor-position-left elementor-vertical-align-middle elementor-widget elementor-widget-image-box\" data-id=\"69887dd\" data-element_type=\"widget\" data-e-type=\"widget\" data-widget_type=\"image-box.default\">\n\t\t\t\t<div class=\"elementor-widget-container\">\n\t\t\t\t\t<div class=\"elementor-image-box-wrapper\"><figure class=\"elementor-image-box-img\"><img loading=\"lazy\" decoding=\"async\" width=\"300\" height=\"187\" src=\"https:\/\/jetzt-erst-recht.info\/wp-content\/uploads\/2023\/05\/Titel-Folge-300x187.png\" class=\"attachment-medium size-medium wp-image-6199\" alt=\"\" srcset=\"https:\/\/jetzt-erst-recht.info\/wp-content\/uploads\/2023\/05\/Titel-Folge-300x187.png 300w, https:\/\/jetzt-erst-recht.info\/wp-content\/uploads\/2023\/05\/Titel-Folge-1024x638.png 1024w, https:\/\/jetzt-erst-recht.info\/wp-content\/uploads\/2023\/05\/Titel-Folge-768x478.png 768w, https:\/\/jetzt-erst-recht.info\/wp-content\/uploads\/2023\/05\/Titel-Folge-1536x957.png 1536w, https:\/\/jetzt-erst-recht.info\/wp-content\/uploads\/2023\/05\/Titel-Folge-18x12.png 18w, https:\/\/jetzt-erst-recht.info\/wp-content\/uploads\/2023\/05\/Titel-Folge.png 1914w\" sizes=\"(max-width: 300px) 100vw, 300px\" \/><\/figure><div class=\"elementor-image-box-content\"><h3 class=\"elementor-image-box-title\">zu Gast im Podcast \"Happy, Holy &amp; Confident\"<\/h3><p class=\"elementor-image-box-description\">19.04.2023<\/p><\/div><\/div>\t\t\t\t<\/div>\n\t\t\t\t<\/div>\n\t\t\t\t<div class=\"elementor-element elementor-element-98cb946 elementor-widget elementor-widget-text-editor\" data-id=\"98cb946\" data-element_type=\"widget\" data-e-type=\"widget\" data-widget_type=\"text-editor.default\">\n\t\t\t\t<div class=\"elementor-widget-container\">\n\t\t\t\t\t\t\t\t\t<p>Laura Malina Seiler is one of the most successful and most listened to podcasters in Germany. She has accompanied me for many years with her wonderful podcast \"Happy, Holy &amp; Confident\" and has given me a lot of strength for my own path with the disease. I am incredibly proud that she invited me to her podcast. We had a very beautiful and touching conversation. Under the title: \"Drawing strength from life crises\" you can find the contribution here.<\/p>\t\t\t\t\t\t\t\t<\/div>\n\t\t\t\t<\/div>\n\t\t\t\t<div class=\"elementor-element elementor-element-f7918bb elementor-arrows-position-inside elementor-pagination-position-outside elementor-widget elementor-widget-image-carousel\" data-id=\"f7918bb\" data-element_type=\"widget\" data-e-type=\"widget\" data-settings=\"{&quot;navigation&quot;:&quot;both&quot;,&quot;autoplay&quot;:&quot;yes&quot;,&quot;pause_on_hover&quot;:&quot;yes&quot;,&quot;pause_on_interaction&quot;:&quot;yes&quot;,&quot;autoplay_speed&quot;:5000,&quot;infinite&quot;:&quot;yes&quot;,&quot;speed&quot;:500}\" data-widget_type=\"image-carousel.default\">\n\t\t\t\t<div class=\"elementor-widget-container\">\n\t\t\t\t\t\t\t<div class=\"elementor-image-carousel-wrapper swiper\" role=\"region\" aria-roledescription=\"carousel\" aria-label=\"Bild Karussell\" dir=\"ltr\">\n\t\t\t<div class=\"elementor-image-carousel swiper-wrapper\" aria-live=\"off\">\n\t\t\t\t\t\t\t\t<div class=\"swiper-slide\" role=\"group\" aria-roledescription=\"slide\" aria-label=\"1 of 4\" data-no-translation-aria-label=\"\"><figure class=\"swiper-slide-inner\"><img decoding=\"async\" class=\"swiper-slide-image\" src=\"https:\/\/jetzt-erst-recht.info\/wp-content\/uploads\/elementor\/thumbs\/230404_maxjackwerth_L1021511-q62wca3wi9nuk9uw6e7nx221m1brdivnfig5vopln4.jpg\" alt=\"230404_maxjackwerth_L1021511\" \/><\/figure><\/div><div class=\"swiper-slide\" role=\"group\" aria-roledescription=\"slide\" aria-label=\"2 of 4\" data-no-translation-aria-label=\"\"><figure class=\"swiper-slide-inner\"><img decoding=\"async\" class=\"swiper-slide-image\" src=\"https:\/\/jetzt-erst-recht.info\/wp-content\/uploads\/elementor\/thumbs\/IMG_0175-q62wcb1qp3p4vvtj0wmahjti7f74l7zdrn3ncyo7gw.jpg\" alt=\"IMG_0175\" \/><\/figure><\/div><div class=\"swiper-slide\" role=\"group\" aria-roledescription=\"slide\" aria-label=\"3 of 4\" data-no-translation-aria-label=\"\"><figure class=\"swiper-slide-inner\"><img decoding=\"async\" class=\"swiper-slide-image\" src=\"https:\/\/jetzt-erst-recht.info\/wp-content\/uploads\/elementor\/thumbs\/230404_maxjackwerth_L1021514-q62wca3wi9nuk9uw6e7nx221m1brdivnfig5vopln4.jpg\" alt=\"230404_maxjackwerth_L1021514\" \/><\/figure><\/div><div class=\"swiper-slide\" role=\"group\" aria-roledescription=\"slide\" aria-label=\"4 of 4\" data-no-translation-aria-label=\"\"><figure class=\"swiper-slide-inner\"><img decoding=\"async\" class=\"swiper-slide-image\" src=\"https:\/\/jetzt-erst-recht.info\/wp-content\/uploads\/elementor\/thumbs\/IMG_0177-q62wcb1qp3p4vvtj0wmahjti7f74l7zdrn3ncyo7gw.jpg\" alt=\"IMG_0177\" \/><\/figure><\/div>\t\t\t<\/div>\n\t\t\t\t\t\t\t\t\t\t\t\t<div class=\"elementor-swiper-button elementor-swiper-button-prev\" role=\"button\" tabindex=\"0\">\n\t\t\t\t\t\t<i aria-hidden=\"true\" class=\"eicon-chevron-left\"><\/i>\t\t\t\t\t<\/div>\n\t\t\t\t\t<div class=\"elementor-swiper-button elementor-swiper-button-next\" role=\"button\" tabindex=\"0\">\n\t\t\t\t\t\t<i aria-hidden=\"true\" class=\"eicon-chevron-right\"><\/i>\t\t\t\t\t<\/div>\n\t\t\t\t\n\t\t\t\t\t\t\t\t\t<div class=\"swiper-pagination\"><\/div>\n\t\t\t\t\t\t\t\t\t<\/div>\n\t\t\t\t\t\t<\/div>\n\t\t\t\t<\/div>\n\t\t\t\t<div class=\"elementor-element elementor-element-1b3c589 elementor-align-center elementor-widget elementor-widget-button\" data-id=\"1b3c589\" data-element_type=\"widget\" data-e-type=\"widget\" data-widget_type=\"button.default\">\n\t\t\t\t<div class=\"elementor-widget-container\">\n\t\t\t\t\t\t\t\t\t<div class=\"elementor-button-wrapper\">\n\t\t\t\t\t<a class=\"elementor-button elementor-button-link elementor-size-md\" href=\"https:\/\/youtu.be\/qcsLw_TpONk\">\n\t\t\t\t\t\t<span class=\"elementor-button-content-wrapper\">\n\t\t\t\t\t\t\t\t\t<span class=\"elementor-button-text\">to the episode<\/span>\n\t\t\t\t\t<\/span>\n\t\t\t\t\t<\/a>\n\t\t\t\t<\/div>\n\t\t\t\t\t\t\t\t<\/div>\n\t\t\t\t<\/div>\n\t\t\t\t\t<\/div>\n\t\t<\/div>\n\t\t\t\t\t<\/div>\n\t\t<\/section>\n\t\t\t\t<section class=\"elementor-section elementor-inner-section elementor-element elementor-element-c886998 elementor-section-boxed elementor-section-height-default elementor-section-height-default\" data-id=\"c886998\" data-element_type=\"section\" data-e-type=\"section\" data-settings=\"{&quot;background_background&quot;:&quot;classic&quot;}\">\n\t\t\t\t\t\t<div class=\"elementor-container elementor-column-gap-default\">\n\t\t\t\t\t<div class=\"elementor-column elementor-col-50 elementor-inner-column elementor-element elementor-element-6861f84\" data-id=\"6861f84\" data-element_type=\"column\" data-e-type=\"column\">\n\t\t\t<div class=\"elementor-widget-wrap elementor-element-populated\">\n\t\t\t\t\t\t<div class=\"elementor-element elementor-element-e0e21cb elementor-position-left elementor-vertical-align-middle elementor-widget elementor-widget-image-box\" data-id=\"e0e21cb\" data-element_type=\"widget\" data-e-type=\"widget\" data-widget_type=\"image-box.default\">\n\t\t\t\t<div class=\"elementor-widget-container\">\n\t\t\t\t\t<div class=\"elementor-image-box-wrapper\"><figure class=\"elementor-image-box-img\"><img loading=\"lazy\" decoding=\"async\" width=\"300\" height=\"173\" src=\"https:\/\/jetzt-erst-recht.info\/wp-content\/uploads\/2022\/10\/Podcast-Varenca-1-300x173.png\" class=\"attachment-medium size-medium wp-image-5603\" alt=\"\" srcset=\"https:\/\/jetzt-erst-recht.info\/wp-content\/uploads\/2022\/10\/Podcast-Varenca-1-300x173.png 300w, https:\/\/jetzt-erst-recht.info\/wp-content\/uploads\/2022\/10\/Podcast-Varenca-1-1024x590.png 1024w, https:\/\/jetzt-erst-recht.info\/wp-content\/uploads\/2022\/10\/Podcast-Varenca-1-768x443.png 768w, https:\/\/jetzt-erst-recht.info\/wp-content\/uploads\/2022\/10\/Podcast-Varenca-1-18x10.png 18w, https:\/\/jetzt-erst-recht.info\/wp-content\/uploads\/2022\/10\/Podcast-Varenca-1.png 1522w\" sizes=\"(max-width: 300px) 100vw, 300px\" \/><\/figure><div class=\"elementor-image-box-content\"><h3 class=\"elementor-image-box-title\">zu Gast im Podcast \"Mutig durchs Leben\"<\/h3><p class=\"elementor-image-box-description\">10. Oktober 2022 <\/p><\/div><\/div>\t\t\t\t<\/div>\n\t\t\t\t<\/div>\n\t\t\t\t<div class=\"elementor-element elementor-element-98b70aa elementor-widget elementor-widget-text-editor\" data-id=\"98b70aa\" data-element_type=\"widget\" data-e-type=\"widget\" data-widget_type=\"text-editor.default\">\n\t\t\t\t<div class=\"elementor-widget-container\">\n\t\t\t\t\t\t\t\t\t<p>I had the special honour to be a guest of Varenca K\u00e4lin and her great podcast \"Courageous through life\". Varenca comes from Switzerland, is an occupational therapist and has been working for years with people who have realigned their lives due to an accident or illness.<\/p><p>Sie ist davon \u00fcberzeugt, dass wir mit dem Teilen dieser Erfahrungen alle voneinander lernen und uns weiterentwickeln k\u00f6nnen.<\/p><p>Das sehe ich genauso und danke Varenca sehr herzlich f\u00fcr das wunderbare Podcastinterview. Schaut mal auf ihrer Seite vorbei &#8211; es lohnt sich: <a href=\"https:\/\/mutigdurchsleben.ch\/\">https:\/\/mutigdurchsleben.ch\/<\/a><\/p>\t\t\t\t\t\t\t\t<\/div>\n\t\t\t\t<\/div>\n\t\t\t\t<div class=\"elementor-element elementor-element-56fd51c elementor-align-center elementor-widget elementor-widget-button\" data-id=\"56fd51c\" data-element_type=\"widget\" data-e-type=\"widget\" data-widget_type=\"button.default\">\n\t\t\t\t<div class=\"elementor-widget-container\">\n\t\t\t\t\t\t\t\t\t<div class=\"elementor-button-wrapper\">\n\t\t\t\t\t<a class=\"elementor-button elementor-button-link elementor-size-md\" href=\"https:\/\/youtu.be\/wA2lLqOgguk\">\n\t\t\t\t\t\t<span class=\"elementor-button-content-wrapper\">\n\t\t\t\t\t\t\t\t\t<span class=\"elementor-button-text\">to the episode<\/span>\n\t\t\t\t\t<\/span>\n\t\t\t\t\t<\/a>\n\t\t\t\t<\/div>\n\t\t\t\t\t\t\t\t<\/div>\n\t\t\t\t<\/div>\n\t\t\t\t\t<\/div>\n\t\t<\/div>\n\t\t\t\t<div class=\"elementor-column elementor-col-50 elementor-inner-column elementor-element elementor-element-16d1d18\" data-id=\"16d1d18\" data-element_type=\"column\" data-e-type=\"column\">\n\t\t\t<div class=\"elementor-widget-wrap elementor-element-populated\">\n\t\t\t\t\t\t<div class=\"elementor-element elementor-element-ebd334b elementor-position-left elementor-vertical-align-middle elementor-widget elementor-widget-image-box\" data-id=\"ebd334b\" data-element_type=\"widget\" data-e-type=\"widget\" data-widget_type=\"image-box.default\">\n\t\t\t\t<div class=\"elementor-widget-container\">\n\t\t\t\t\t<div class=\"elementor-image-box-wrapper\"><figure class=\"elementor-image-box-img\"><img loading=\"lazy\" decoding=\"async\" width=\"218\" height=\"300\" src=\"https:\/\/jetzt-erst-recht.info\/wp-content\/uploads\/2022\/10\/Wetterbericht-218x300.png\" class=\"attachment-medium size-medium wp-image-5547\" alt=\"\" srcset=\"https:\/\/jetzt-erst-recht.info\/wp-content\/uploads\/2022\/10\/Wetterbericht-218x300.png 218w, https:\/\/jetzt-erst-recht.info\/wp-content\/uploads\/2022\/10\/Wetterbericht-9x12.png 9w, https:\/\/jetzt-erst-recht.info\/wp-content\/uploads\/2022\/10\/Wetterbericht.png 622w\" sizes=\"(max-width: 218px) 100vw, 218px\" \/><\/figure><div class=\"elementor-image-box-content\"><h3 class=\"elementor-image-box-title\">Gastbeitrag f\u00fcr den Newsletter \"Aufklaren\"<\/h3><p class=\"elementor-image-box-description\">05. Oktober 2022 <\/p><\/div><\/div>\t\t\t\t<\/div>\n\t\t\t\t<\/div>\n\t\t\t\t<div class=\"elementor-element elementor-element-139fe2c elementor-widget elementor-widget-text-editor\" data-id=\"139fe2c\" data-element_type=\"widget\" data-e-type=\"widget\" data-widget_type=\"text-editor.default\">\n\t\t\t\t<div class=\"elementor-widget-container\">\n\t\t\t\t\t\t\t\t\t<p>Ich wurde angefragt f\u00fcr einen Gastbeitrag f\u00fcr den Newsletter &#8220;Aufklaren &#8211; Expertise und Netzwerk f\u00fcr Kinder psychisch kranker Eltern&#8221; des PARIT\u00c4TISCHEN Wohfahrtsverbands Hamburg e.V.<\/p><p>I was asked to write a guest article for the newsletter \"Aufklaren - Expertise und Netzwerk f\u00fcr Kinder psychisch kranker Eltern\" of the PARIT\u00c4TISCHEN Wohfahrtsverband Hamburg e.V..\n\nThe theme of this newsletter was to point out that mental symptoms do not necessarily always have to belong to a psychiatric diagnosis but can also have other causes. Psychiatric symptoms, such as depression, impulse control disorders or hallucinations, can be part of Parkinson's disease, but are consequences of the disease or of taking medication.<\/p>\t\t\t\t\t\t\t\t<\/div>\n\t\t\t\t<\/div>\n\t\t\t\t<div class=\"elementor-element elementor-element-87f3154 elementor-align-center elementor-widget elementor-widget-button\" data-id=\"87f3154\" data-element_type=\"widget\" data-e-type=\"widget\" data-widget_type=\"button.default\">\n\t\t\t\t<div class=\"elementor-widget-container\">\n\t\t\t\t\t\t\t\t\t<div class=\"elementor-button-wrapper\">\n\t\t\t\t\t<a class=\"elementor-button elementor-button-link elementor-size-md\" href=\"https:\/\/jetzt-erst-recht.info\/wp-content\/uploads\/2022\/10\/Wetterbericht_Gastbeitrag_Oktober_2022_Kathrin_Wersing.pdf\">\n\t\t\t\t\t\t<span class=\"elementor-button-content-wrapper\">\n\t\t\t\t\t\t\t\t\t<span class=\"elementor-button-text\">Gastbeitrag lesen<\/span>\n\t\t\t\t\t<\/span>\n\t\t\t\t\t<\/a>\n\t\t\t\t<\/div>\n\t\t\t\t\t\t\t\t<\/div>\n\t\t\t\t<\/div>\n\t\t\t\t\t<\/div>\n\t\t<\/div>\n\t\t\t\t\t<\/div>\n\t\t<\/section>\n\t\t\t\t<section class=\"elementor-section elementor-inner-section elementor-element elementor-element-513cd1c elementor-section-boxed elementor-section-height-default elementor-section-height-default\" data-id=\"513cd1c\" data-element_type=\"section\" data-e-type=\"section\" data-settings=\"{&quot;background_background&quot;:&quot;classic&quot;}\">\n\t\t\t\t\t\t<div class=\"elementor-container elementor-column-gap-default\">\n\t\t\t\t\t<div class=\"elementor-column elementor-col-50 elementor-inner-column elementor-element elementor-element-56352b6\" data-id=\"56352b6\" data-element_type=\"column\" data-e-type=\"column\">\n\t\t\t<div class=\"elementor-widget-wrap elementor-element-populated\">\n\t\t\t\t\t\t<div class=\"elementor-element elementor-element-e916a2b elementor-position-left elementor-vertical-align-middle elementor-widget elementor-widget-image-box\" data-id=\"e916a2b\" data-element_type=\"widget\" data-e-type=\"widget\" data-widget_type=\"image-box.default\">\n\t\t\t\t<div class=\"elementor-widget-container\">\n\t\t\t\t\t<div class=\"elementor-image-box-wrapper\"><figure class=\"elementor-image-box-img\"><img loading=\"lazy\" decoding=\"async\" width=\"1024\" height=\"618\" src=\"https:\/\/jetzt-erst-recht.info\/wp-content\/uploads\/2022\/09\/Titelbild-PPP-Beitrag-1024x618.jpg\" class=\"attachment-large size-large wp-image-5449\" alt=\"\" srcset=\"https:\/\/jetzt-erst-recht.info\/wp-content\/uploads\/2022\/09\/Titelbild-PPP-Beitrag-1024x618.jpg 1024w, https:\/\/jetzt-erst-recht.info\/wp-content\/uploads\/2022\/09\/Titelbild-PPP-Beitrag-300x181.jpg 300w, https:\/\/jetzt-erst-recht.info\/wp-content\/uploads\/2022\/09\/Titelbild-PPP-Beitrag-768x464.jpg 768w, https:\/\/jetzt-erst-recht.info\/wp-content\/uploads\/2022\/09\/Titelbild-PPP-Beitrag-1536x927.jpg 1536w, https:\/\/jetzt-erst-recht.info\/wp-content\/uploads\/2022\/09\/Titelbild-PPP-Beitrag-2048x1236.jpg 2048w, https:\/\/jetzt-erst-recht.info\/wp-content\/uploads\/2022\/09\/Titelbild-PPP-Beitrag-18x12.jpg 18w\" sizes=\"(max-width: 1024px) 100vw, 1024px\" \/><\/figure><div class=\"elementor-image-box-content\"><h3 class=\"elementor-image-box-title\">WDR Lokalzeit M\u00fcnster Fernsehbericht<\/h3><p class=\"elementor-image-box-description\">6. September 2022<\/p><\/div><\/div>\t\t\t\t<\/div>\n\t\t\t\t<\/div>\n\t\t\t\t<div class=\"elementor-element elementor-element-3dcf959 elementor-widget elementor-widget-text-editor\" data-id=\"3dcf959\" data-element_type=\"widget\" data-e-type=\"widget\" data-widget_type=\"text-editor.default\">\n\t\t\t\t<div class=\"elementor-widget-container\">\n\t\t\t\t\t\t\t\t\t<p>Ein Filmteam der WDR Lokalzeit M\u00fcnsterland war beim Training meiner PingPongParkinsongruppe zu Gast.<\/p><p>Entstanden ist ein toller Bericht, in dem es neben allt\u00e4glichen H\u00fcrden im Leben mit Parkinson vor allem um die positiven Effekte von Tischtennis bei PingPongParkinson Deutschland e.V. geht.<\/p><p>Der Beitrag ist eine tolle Gemeinschaftsleistung aller Beteiligten in unserem St\u00fctzpunkt. Schaut gerne mal rein!<\/p>\t\t\t\t\t\t\t\t<\/div>\n\t\t\t\t<\/div>\n\t\t\t\t<div class=\"elementor-element elementor-element-f6ecbfc elementor-align-center elementor-widget elementor-widget-button\" data-id=\"f6ecbfc\" data-element_type=\"widget\" data-e-type=\"widget\" data-widget_type=\"button.default\">\n\t\t\t\t<div class=\"elementor-widget-container\">\n\t\t\t\t\t\t\t\t\t<div class=\"elementor-button-wrapper\">\n\t\t\t\t\t<a class=\"elementor-button elementor-button-link elementor-size-md\" href=\"https:\/\/www.youtube.com\/watch?v=2ZYr7hJIIa8&#038;feature=youtu.be\">\n\t\t\t\t\t\t<span class=\"elementor-button-content-wrapper\">\n\t\t\t\t\t\t\t\t\t<span class=\"elementor-button-text\">Beitrag anschauen<\/span>\n\t\t\t\t\t<\/span>\n\t\t\t\t\t<\/a>\n\t\t\t\t<\/div>\n\t\t\t\t\t\t\t\t<\/div>\n\t\t\t\t<\/div>\n\t\t\t\t\t<\/div>\n\t\t<\/div>\n\t\t\t\t<div class=\"elementor-column elementor-col-50 elementor-inner-column elementor-element elementor-element-08b38f5\" data-id=\"08b38f5\" data-element_type=\"column\" data-e-type=\"column\">\n\t\t\t<div class=\"elementor-widget-wrap elementor-element-populated\">\n\t\t\t\t\t\t<div class=\"elementor-element elementor-element-2da0cf4 elementor-position-left elementor-vertical-align-middle elementor-widget elementor-widget-image-box\" data-id=\"2da0cf4\" data-element_type=\"widget\" data-e-type=\"widget\" data-widget_type=\"image-box.default\">\n\t\t\t\t<div class=\"elementor-widget-container\">\n\t\t\t\t\t<div class=\"elementor-image-box-wrapper\"><figure class=\"elementor-image-box-img\"><img loading=\"lazy\" decoding=\"async\" width=\"971\" height=\"740\" src=\"https:\/\/jetzt-erst-recht.info\/wp-content\/uploads\/2022\/06\/1.jpg\" class=\"attachment-large size-large wp-image-4612\" alt=\"\" srcset=\"https:\/\/jetzt-erst-recht.info\/wp-content\/uploads\/2022\/06\/1.jpg 971w, https:\/\/jetzt-erst-recht.info\/wp-content\/uploads\/2022\/06\/1-300x229.jpg 300w, https:\/\/jetzt-erst-recht.info\/wp-content\/uploads\/2022\/06\/1-768x585.jpg 768w, https:\/\/jetzt-erst-recht.info\/wp-content\/uploads\/2022\/06\/1-16x12.jpg 16w\" sizes=\"(max-width: 971px) 100vw, 971px\" \/><\/figure><div class=\"elementor-image-box-content\"><h3 class=\"elementor-image-box-title\">Online Gespr\u00e4chsrunde mit Frank Elstner<\/h3><p class=\"elementor-image-box-description\">6. April 2022<\/p><\/div><\/div>\t\t\t\t<\/div>\n\t\t\t\t<\/div>\n\t\t\t\t<div class=\"elementor-element elementor-element-dbc134e elementor-widget elementor-widget-text-editor\" data-id=\"dbc134e\" data-element_type=\"widget\" data-e-type=\"widget\" data-widget_type=\"text-editor.default\">\n\t\t\t\t<div class=\"elementor-widget-container\">\n\t\t\t\t\t\t\t\t\t<p>On this day, a big online event of the Parkinson Foundation took place. I was very happy to be invited live in Potsdam for a round of talks with Frank Elstner and other exciting guests.<\/p>\t\t\t\t\t\t\t\t<\/div>\n\t\t\t\t<\/div>\n\t\t\t\t<div class=\"elementor-element elementor-element-038604b elementor-arrows-position-inside elementor-pagination-position-outside elementor-widget elementor-widget-image-carousel\" data-id=\"038604b\" data-element_type=\"widget\" data-e-type=\"widget\" data-settings=\"{&quot;navigation&quot;:&quot;both&quot;,&quot;autoplay&quot;:&quot;yes&quot;,&quot;pause_on_hover&quot;:&quot;yes&quot;,&quot;pause_on_interaction&quot;:&quot;yes&quot;,&quot;autoplay_speed&quot;:5000,&quot;infinite&quot;:&quot;yes&quot;,&quot;speed&quot;:500}\" data-widget_type=\"image-carousel.default\">\n\t\t\t\t<div class=\"elementor-widget-container\">\n\t\t\t\t\t\t\t<div class=\"elementor-image-carousel-wrapper swiper\" role=\"region\" aria-roledescription=\"carousel\" aria-label=\"Bild Karussell\" dir=\"ltr\">\n\t\t\t<div class=\"elementor-image-carousel swiper-wrapper\" aria-live=\"off\">\n\t\t\t\t\t\t\t\t<div class=\"swiper-slide\" role=\"group\" aria-roledescription=\"slide\" aria-label=\"1 of 4\" data-no-translation-aria-label=\"\"><figure class=\"swiper-slide-inner\"><img decoding=\"async\" class=\"swiper-slide-image\" src=\"https:\/\/jetzt-erst-recht.info\/wp-content\/uploads\/elementor\/thumbs\/220406_TPAR_PHT116-scaled-pqzqqqcrx76enqswbz33285xsgh0rpd5fqdmpg2ifk.jpg\" alt=\"Welt Parkinson Tag 2022. Potsdam, 06.04.2022\" \/><\/figure><\/div><div class=\"swiper-slide\" role=\"group\" aria-roledescription=\"slide\" aria-label=\"2 of 4\" data-no-translation-aria-label=\"\"><figure class=\"swiper-slide-inner\"><img decoding=\"async\" class=\"swiper-slide-image\" src=\"https:\/\/jetzt-erst-recht.info\/wp-content\/uploads\/elementor\/thumbs\/220406_TPAR_PHT124-scaled-pqzqqvzt27e4lekpf1iuh6qpcrp81vzjgiajl3u5e8.jpg\" alt=\"Welt Parkinson Tag 2022. Potsdam, 06.04.2022\" \/><\/figure><\/div><div class=\"swiper-slide\" role=\"group\" aria-roledescription=\"slide\" aria-label=\"3 of 4\" data-no-translation-aria-label=\"\"><figure class=\"swiper-slide-inner\"><img decoding=\"async\" class=\"swiper-slide-image\" src=\"https:\/\/jetzt-erst-recht.info\/wp-content\/uploads\/elementor\/thumbs\/220406_TPAR_PHT125-scaled-pqzqr3iikvof6a9s74rv14ue3uo5rgte5jiffbj00g.jpg\" alt=\"Welt Parkinson Tag 2022. Potsdam, 06.04.2022\" \/><\/figure><\/div><div class=\"swiper-slide\" role=\"group\" aria-roledescription=\"slide\" aria-label=\"4 of 4\" data-no-translation-aria-label=\"\"><figure class=\"swiper-slide-inner\"><img decoding=\"async\" class=\"swiper-slide-image\" src=\"https:\/\/jetzt-erst-recht.info\/wp-content\/uploads\/elementor\/thumbs\/220406_TPAR_PHT136-scaled-pqzqrfqf1q55d7s17s20fjrdtuzxjj5wj7zqnx0vrk.jpg\" alt=\"Welt Parkinson Tag 2022. Potsdam, 06.04.2022\" \/><\/figure><\/div>\t\t\t<\/div>\n\t\t\t\t\t\t\t\t\t\t\t\t<div class=\"elementor-swiper-button elementor-swiper-button-prev\" role=\"button\" tabindex=\"0\">\n\t\t\t\t\t\t<i aria-hidden=\"true\" class=\"eicon-chevron-left\"><\/i>\t\t\t\t\t<\/div>\n\t\t\t\t\t<div class=\"elementor-swiper-button elementor-swiper-button-next\" role=\"button\" tabindex=\"0\">\n\t\t\t\t\t\t<i aria-hidden=\"true\" class=\"eicon-chevron-right\"><\/i>\t\t\t\t\t<\/div>\n\t\t\t\t\n\t\t\t\t\t\t\t\t\t<div class=\"swiper-pagination\"><\/div>\n\t\t\t\t\t\t\t\t\t<\/div>\n\t\t\t\t\t\t<\/div>\n\t\t\t\t<\/div>\n\t\t\t\t<div class=\"elementor-element elementor-element-9bc081e elementor-widget elementor-widget-text-editor\" data-id=\"9bc081e\" data-element_type=\"widget\" data-e-type=\"widget\" data-widget_type=\"text-editor.default\">\n\t\t\t\t<div class=\"elementor-widget-container\">\n\t\t\t\t\t\t\t\t\t<p style=\"text-align: right;\"><span style=\"color: #000000; font-family: arial, helvetica, sans-serif; font-size: 10pt;\">Copyright Parkinson Stiftung Photothek<\/span><\/p>\t\t\t\t\t\t\t\t<\/div>\n\t\t\t\t<\/div>\n\t\t\t\t<div class=\"elementor-element elementor-element-fd4a7d5 elementor-align-center elementor-widget elementor-widget-button\" data-id=\"fd4a7d5\" data-element_type=\"widget\" data-e-type=\"widget\" data-widget_type=\"button.default\">\n\t\t\t\t<div class=\"elementor-widget-container\">\n\t\t\t\t\t\t\t\t\t<div class=\"elementor-button-wrapper\">\n\t\t\t\t\t<a class=\"elementor-button elementor-button-link elementor-size-md\" href=\"https:\/\/welt-parkinson-tag.org\/\">\n\t\t\t\t\t\t<span class=\"elementor-button-content-wrapper\">\n\t\t\t\t\t\t\t\t\t<span class=\"elementor-button-text\">Zur Aufzeichnung der Talkrunde<\/span>\n\t\t\t\t\t<\/span>\n\t\t\t\t\t<\/a>\n\t\t\t\t<\/div>\n\t\t\t\t\t\t\t\t<\/div>\n\t\t\t\t<\/div>\n\t\t\t\t\t<\/div>\n\t\t<\/div>\n\t\t\t\t\t<\/div>\n\t\t<\/section>\n\t\t\t\t<section class=\"elementor-section elementor-inner-section elementor-element elementor-element-51aafc38 elementor-section-boxed elementor-section-height-default elementor-section-height-default\" data-id=\"51aafc38\" data-element_type=\"section\" data-e-type=\"section\">\n\t\t\t\t\t\t<div class=\"elementor-container elementor-column-gap-default\">\n\t\t\t\t\t<div class=\"elementor-column elementor-col-50 elementor-inner-column elementor-element elementor-element-dba6c57\" data-id=\"dba6c57\" data-element_type=\"column\" data-e-type=\"column\">\n\t\t\t<div class=\"elementor-widget-wrap elementor-element-populated\">\n\t\t\t\t\t\t<div class=\"elementor-element elementor-element-705d82a elementor-position-left elementor-vertical-align-middle elementor-widget elementor-widget-image-box\" data-id=\"705d82a\" data-element_type=\"widget\" data-e-type=\"widget\" data-widget_type=\"image-box.default\">\n\t\t\t\t<div class=\"elementor-widget-container\">\n\t\t\t\t\t<div class=\"elementor-image-box-wrapper\"><figure class=\"elementor-image-box-img\"><img loading=\"lazy\" decoding=\"async\" width=\"1080\" height=\"1080\" src=\"https:\/\/jetzt-erst-recht.info\/wp-content\/uploads\/2022\/10\/Buntes-Mutgefluester.png\" class=\"attachment-full size-full wp-image-5545\" alt=\"\" srcset=\"https:\/\/jetzt-erst-recht.info\/wp-content\/uploads\/2022\/10\/Buntes-Mutgefluester.png 1080w, https:\/\/jetzt-erst-recht.info\/wp-content\/uploads\/2022\/10\/Buntes-Mutgefluester-300x300.png 300w, https:\/\/jetzt-erst-recht.info\/wp-content\/uploads\/2022\/10\/Buntes-Mutgefluester-1024x1024.png 1024w, https:\/\/jetzt-erst-recht.info\/wp-content\/uploads\/2022\/10\/Buntes-Mutgefluester-150x150.png 150w, https:\/\/jetzt-erst-recht.info\/wp-content\/uploads\/2022\/10\/Buntes-Mutgefluester-768x768.png 768w, https:\/\/jetzt-erst-recht.info\/wp-content\/uploads\/2022\/10\/Buntes-Mutgefluester-12x12.png 12w, https:\/\/jetzt-erst-recht.info\/wp-content\/uploads\/2022\/10\/Buntes-Mutgefluester-600x600.png 600w\" sizes=\"(max-width: 1080px) 100vw, 1080px\" \/><\/figure><div class=\"elementor-image-box-content\"><h3 class=\"elementor-image-box-title\">Ver\u00f6ffentlichung \"Buntes Mutgefl\u00fcster\"<\/h3><p class=\"elementor-image-box-description\">11. Februar 2022<\/p><\/div><\/div>\t\t\t\t<\/div>\n\t\t\t\t<\/div>\n\t\t\t\t<div class=\"elementor-element elementor-element-3eeac43a elementor-widget elementor-widget-text-editor\" data-id=\"3eeac43a\" data-element_type=\"widget\" data-e-type=\"widget\" data-widget_type=\"text-editor.default\">\n\t\t\t\t<div class=\"elementor-widget-container\">\n\t\t\t\t\t\t\t\t\t<p>An diesem Tag wurde das tolle Buch &#8220;Buntes Mutgefl\u00fcster &#8211; Ein Mut-mach-Buch von Parkinson Erkrankten f\u00fcr Parkinson Betroffene und Interessierte<span id=\"productTitle\" class=\"a-size-extra-large\"><\/span>&#8221; von Martha Strubinger ver\u00f6ffentlicht.<\/p><p>Darin ist auch ein Kapitel zu finden, das ich geschrieben habe.<\/p><p>Der Erl\u00f6s aus dem Verkauf geht an die Hilde-Ulrichs-Stiftung f\u00fcr Parkinsonforschung.<\/p>\t\t\t\t\t\t\t\t<\/div>\n\t\t\t\t<\/div>\n\t\t\t\t<div class=\"elementor-element elementor-element-b84b76a elementor-align-center elementor-widget elementor-widget-button\" data-id=\"b84b76a\" data-element_type=\"widget\" data-e-type=\"widget\" data-widget_type=\"button.default\">\n\t\t\t\t<div class=\"elementor-widget-container\">\n\t\t\t\t\t\t\t\t\t<div class=\"elementor-button-wrapper\">\n\t\t\t\t\t<a class=\"elementor-button elementor-button-link elementor-size-md\" href=\"https:\/\/www.amazon.de\/Buntes-Mutgefl%C3%BCster-Mut-mach-Buch-Erkrankten-Interessierte\/dp\/3991295830\/ref=sr_1_1?adgrpid=1191871363557138&#038;hvadid=74492071495638&#038;hvbmt=be&#038;hvdev=c&#038;hvlocphy=127449&#038;hvnetw=s&#038;hvqmt=e&#038;hvtargid=kwd-74492176497869:loc-72&#038;hydadcr=5991_2355881&#038;keywords=buntes+mutgefl%C3%BCster&#038;qid=1658550716&#038;sr=8-1\">\n\t\t\t\t\t\t<span class=\"elementor-button-content-wrapper\">\n\t\t\t\t\t\t\t\t\t<span class=\"elementor-button-text\">Buch bestellen<\/span>\n\t\t\t\t\t<\/span>\n\t\t\t\t\t<\/a>\n\t\t\t\t<\/div>\n\t\t\t\t\t\t\t\t<\/div>\n\t\t\t\t<\/div>\n\t\t\t\t\t<\/div>\n\t\t<\/div>\n\t\t\t\t<div class=\"elementor-column elementor-col-50 elementor-inner-column elementor-element elementor-element-16ceb06e\" data-id=\"16ceb06e\" data-element_type=\"column\" data-e-type=\"column\">\n\t\t\t<div class=\"elementor-widget-wrap elementor-element-populated\">\n\t\t\t\t\t\t<div class=\"elementor-element elementor-element-51a9b489 elementor-position-left elementor-vertical-align-middle elementor-widget elementor-widget-image-box\" data-id=\"51a9b489\" data-element_type=\"widget\" data-e-type=\"widget\" data-widget_type=\"image-box.default\">\n\t\t\t\t<div class=\"elementor-widget-container\">\n\t\t\t\t\t<div class=\"elementor-image-box-wrapper\"><figure class=\"elementor-image-box-img\"><img loading=\"lazy\" decoding=\"async\" width=\"768\" height=\"432\" src=\"https:\/\/jetzt-erst-recht.info\/wp-content\/uploads\/2021\/09\/IMG_2458-768x432.jpg\" class=\"attachment-medium_large size-medium_large wp-image-2348\" alt=\"\" srcset=\"https:\/\/jetzt-erst-recht.info\/wp-content\/uploads\/2021\/09\/IMG_2458-768x432.jpg 768w, https:\/\/jetzt-erst-recht.info\/wp-content\/uploads\/2021\/09\/IMG_2458-300x169.jpg 300w, https:\/\/jetzt-erst-recht.info\/wp-content\/uploads\/2021\/09\/IMG_2458-1024x576.jpg 1024w, https:\/\/jetzt-erst-recht.info\/wp-content\/uploads\/2021\/09\/IMG_2458-1536x864.jpg 1536w, https:\/\/jetzt-erst-recht.info\/wp-content\/uploads\/2021\/09\/IMG_2458-2048x1152.jpg 2048w, https:\/\/jetzt-erst-recht.info\/wp-content\/uploads\/2021\/09\/IMG_2458-18x10.jpg 18w\" sizes=\"(max-width: 768px) 100vw, 768px\" \/><\/figure><div class=\"elementor-image-box-content\"><h3 class=\"elementor-image-box-title\">WDR Fernsehbeitrag<\/h3><p class=\"elementor-image-box-description\">28. August 2021<\/p><\/div><\/div>\t\t\t\t<\/div>\n\t\t\t\t<\/div>\n\t\t\t\t<div class=\"elementor-element elementor-element-7fb523c1 elementor-widget elementor-widget-text-editor\" data-id=\"7fb523c1\" data-element_type=\"widget\" data-e-type=\"widget\" data-widget_type=\"text-editor.default\">\n\t\t\t\t<div class=\"elementor-widget-container\">\n\t\t\t\t\t\t\t\t\t<p>I was allowed to shoot a TV report with Eckart von Hirschhausen for his programme \"Hirschhausens Quiz des Menschen\". It was about my family and me, my podcast and my PingPongParkinson group in M\u00fcnster. It was a great opportunity to bring the topic of Parkinson's to the public, especially for us young sufferers.<\/p>\t\t\t\t\t\t\t\t<\/div>\n\t\t\t\t<\/div>\n\t\t\t\t<div class=\"elementor-element elementor-element-b0d24c8 elementor-arrows-position-inside elementor-pagination-position-outside elementor-widget elementor-widget-image-carousel\" data-id=\"b0d24c8\" data-element_type=\"widget\" data-e-type=\"widget\" data-settings=\"{&quot;navigation&quot;:&quot;both&quot;,&quot;autoplay&quot;:&quot;yes&quot;,&quot;pause_on_hover&quot;:&quot;yes&quot;,&quot;pause_on_interaction&quot;:&quot;yes&quot;,&quot;autoplay_speed&quot;:5000,&quot;infinite&quot;:&quot;yes&quot;,&quot;speed&quot;:500}\" data-widget_type=\"image-carousel.default\">\n\t\t\t\t<div class=\"elementor-widget-container\">\n\t\t\t\t\t\t\t<div class=\"elementor-image-carousel-wrapper swiper\" role=\"region\" aria-roledescription=\"carousel\" aria-label=\"Bild Karussell\" dir=\"ltr\">\n\t\t\t<div class=\"elementor-image-carousel swiper-wrapper\" aria-live=\"off\">\n\t\t\t\t\t\t\t\t<div class=\"swiper-slide\" role=\"group\" aria-roledescription=\"slide\" aria-label=\"1 of 4\" data-no-translation-aria-label=\"\"><figure class=\"swiper-slide-inner\"><img decoding=\"async\" class=\"swiper-slide-image\" src=\"https:\/\/jetzt-erst-recht.info\/wp-content\/uploads\/elementor\/thumbs\/IMG_2458-scaled-pdp5ic8a5ieuc40bnyrey99rm7kdodd0zf91p0h32o.jpg\" alt=\"IMG_2458\" \/><\/figure><\/div><div class=\"swiper-slide\" role=\"group\" aria-roledescription=\"slide\" aria-label=\"2 of 4\" data-no-translation-aria-label=\"\"><figure class=\"swiper-slide-inner\"><img decoding=\"async\" class=\"swiper-slide-image\" src=\"https:\/\/jetzt-erst-recht.info\/wp-content\/uploads\/elementor\/thumbs\/IMG_2460-2-scaled-pdp5geo83rrmgytcy4p0tqtnnp37urow1uz46jc7v4.jpg\" alt=\"IMG_2460\" \/><\/figure><\/div><div class=\"swiper-slide\" role=\"group\" aria-roledescription=\"slide\" aria-label=\"3 of 4\" data-no-translation-aria-label=\"\"><figure class=\"swiper-slide-inner\"><img decoding=\"async\" class=\"swiper-slide-image\" src=\"https:\/\/jetzt-erst-recht.info\/wp-content\/uploads\/elementor\/thumbs\/IMG_2498-scaled-pdp5sbamo82dj5irf9yweqnujeelcqyhosgj0pop1s.jpg\" alt=\"IMG_2498\" \/><\/figure><\/div><div class=\"swiper-slide\" role=\"group\" aria-roledescription=\"slide\" aria-label=\"4 of 4\" data-no-translation-aria-label=\"\"><figure class=\"swiper-slide-inner\"><img decoding=\"async\" class=\"swiper-slide-image\" src=\"https:\/\/jetzt-erst-recht.info\/wp-content\/uploads\/elementor\/thumbs\/IMG_7830-scaled-pdp5sf1zfk7itldatbleoppowxw27jdf1b2gxtj4cw.jpg\" alt=\"IMG_7830\" \/><\/figure><\/div>\t\t\t<\/div>\n\t\t\t\t\t\t\t\t\t\t\t\t<div class=\"elementor-swiper-button elementor-swiper-button-prev\" role=\"button\" tabindex=\"0\">\n\t\t\t\t\t\t<i aria-hidden=\"true\" class=\"eicon-chevron-left\"><\/i>\t\t\t\t\t<\/div>\n\t\t\t\t\t<div class=\"elementor-swiper-button elementor-swiper-button-next\" role=\"button\" tabindex=\"0\">\n\t\t\t\t\t\t<i aria-hidden=\"true\" class=\"eicon-chevron-right\"><\/i>\t\t\t\t\t<\/div>\n\t\t\t\t\n\t\t\t\t\t\t\t\t\t<div class=\"swiper-pagination\"><\/div>\n\t\t\t\t\t\t\t\t\t<\/div>\n\t\t\t\t\t\t<\/div>\n\t\t\t\t<\/div>\n\t\t\t\t<div class=\"elementor-element elementor-element-eabd8a9 elementor-align-center elementor-widget elementor-widget-button\" data-id=\"eabd8a9\" data-element_type=\"widget\" data-e-type=\"widget\" data-widget_type=\"button.default\">\n\t\t\t\t<div class=\"elementor-widget-container\">\n\t\t\t\t\t\t\t\t\t<div class=\"elementor-button-wrapper\">\n\t\t\t\t\t<a class=\"elementor-button elementor-button-link elementor-size-md\" href=\"https:\/\/youtu.be\/cVBQr3o8cEI\">\n\t\t\t\t\t\t<span class=\"elementor-button-content-wrapper\">\n\t\t\t\t\t\t\t\t\t<span class=\"elementor-button-text\">Beitrag anschauen<\/span>\n\t\t\t\t\t<\/span>\n\t\t\t\t\t<\/a>\n\t\t\t\t<\/div>\n\t\t\t\t\t\t\t\t<\/div>\n\t\t\t\t<\/div>\n\t\t\t\t\t<\/div>\n\t\t<\/div>\n\t\t\t\t\t<\/div>\n\t\t<\/section>\n\t\t\t\t\t<\/div>\n\t\t<\/div>\n\t\t\t\t\t<\/div>\n\t\t<\/section>\n\t\t\t\t<section class=\"elementor-section elementor-top-section elementor-element elementor-element-ce0acc0 elementor-section-boxed elementor-section-height-default elementor-section-height-default\" data-id=\"ce0acc0\" data-element_type=\"section\" data-e-type=\"section\" data-settings=\"{&quot;background_background&quot;:&quot;gradient&quot;}\">\n\t\t\t\t\t\t<div class=\"elementor-container elementor-column-gap-default\">\n\t\t\t\t\t<div class=\"elementor-column elementor-col-100 elementor-top-column elementor-element elementor-element-57fe6128\" data-id=\"57fe6128\" data-element_type=\"column\" data-e-type=\"column\">\n\t\t\t<div class=\"elementor-widget-wrap elementor-element-populated\">\n\t\t\t\t\t\t<div class=\"elementor-element elementor-element-47fad040 elementor-widget elementor-widget-heading\" data-id=\"47fad040\" data-element_type=\"widget\" data-e-type=\"widget\" data-widget_type=\"heading.default\">\n\t\t\t\t<div class=\"elementor-widget-container\">\n\t\t\t\t\t<h3 class=\"elementor-heading-title elementor-size-default\">contact<\/h3>\t\t\t\t<\/div>\n\t\t\t\t<\/div>\n\t\t\t\t<div class=\"elementor-element elementor-element-654fa731 elementor-widget elementor-widget-testimonial\" data-id=\"654fa731\" data-element_type=\"widget\" data-e-type=\"widget\" data-widget_type=\"testimonial.default\">\n\t\t\t\t<div class=\"elementor-widget-container\">\n\t\t\t\t\t\t\t<div class=\"elementor-testimonial-wrapper\">\n\t\t\t\t\t\t\t<div class=\"elementor-testimonial-content\">I am happy to hear from you!\n<\/div>\n\t\t\t\n\t\t\t\t\t\t<div class=\"elementor-testimonial-meta elementor-has-image elementor-testimonial-image-position-top\">\n\t\t\t\t<div class=\"elementor-testimonial-meta-inner\">\n\t\t\t\t\t\t\t\t\t\t\t<div class=\"elementor-testimonial-image\">\n\t\t\t\t\t\t\t<img loading=\"lazy\" decoding=\"async\" width=\"201\" height=\"192\" src=\"https:\/\/jetzt-erst-recht.info\/wp-content\/uploads\/2021\/07\/Logo-1.png\" class=\"attachment-full size-full wp-image-134\" alt=\"\" \/>\t\t\t\t\t\t<\/div>\n\t\t\t\t\t\n\t\t\t\t\t\t\t\t\t\t<div class=\"elementor-testimonial-details\">\n\t\t\t\t\t\t\t\t\t\t\t\t\t\t<div class=\"elementor-testimonial-name\">kontakt(at)jetzt-erst-recht.info<\/div>\n\t\t\t\t\t\t\t\t\t\t\t\t\t\t\t\t\t\t\t<\/div>\n\t\t\t\t\t\t\t\t\t<\/div>\n\t\t\t<\/div>\n\t\t\t\t\t<\/div>\n\t\t\t\t\t\t<\/div>\n\t\t\t\t<\/div>\n\t\t\t\t\t<\/div>\n\t\t<\/div>\n\t\t\t\t\t<\/div>\n\t\t<\/section>\n\t\t\t\t<\/div>","protected":false},"excerpt":{"rendered":"<p>Highlights \u201eWenn du es dir vorstellen kannst, kannst du es auch tun.\u201c Walt Disney Durch meinen Podcast habe ich bereits viele spannende Netzwerke aufgebaut und tolle Menschen kennengelernt. Hier findest du einige meiner pers\u00f6nlichen Highlights. Buchver\u00f6ffentlichung 20. Dezember 2024 \u201eEs gibt so viele positive Geschichten, wir m\u00fcssen sie \u00f6fter erz\u00e4hlen!\u201cPositiv leben mit Parkinson \u2013 geht [&hellip;]<\/p>\n","protected":false},"author":1,"featured_media":0,"parent":0,"menu_order":0,"comment_status":"closed","ping_status":"closed","template":"","meta":{"ocean_post_layout":"full-screen","ocean_both_sidebars_style":"","ocean_both_sidebars_content_width":0,"ocean_both_sidebars_sidebars_width":0,"ocean_sidebar":"0","ocean_second_sidebar":"0","ocean_disable_margins":"enable","ocean_add_body_class":"","ocean_shortcode_before_top_bar":"","ocean_shortcode_after_top_bar":"","ocean_shortcode_before_header":"","ocean_shortcode_after_header":"","ocean_has_shortcode":"","ocean_shortcode_after_title":"","ocean_shortcode_before_footer_widgets":"","ocean_shortcode_after_footer_widgets":"","ocean_shortcode_before_footer_bottom":"","ocean_shortcode_after_footer_bottom":"","ocean_display_top_bar":"off","ocean_display_header":"default","ocean_header_style":"","ocean_center_header_left_menu":"0","ocean_custom_header_template":"0","ocean_custom_logo":0,"ocean_custom_retina_logo":0,"ocean_custom_logo_max_width":0,"ocean_custom_logo_tablet_max_width":0,"ocean_custom_logo_mobile_max_width":0,"ocean_custom_logo_max_height":0,"ocean_custom_logo_tablet_max_height":0,"ocean_custom_logo_mobile_max_height":0,"ocean_header_custom_menu":"0","ocean_menu_typo_font_family":"0","ocean_menu_typo_font_subset":"","ocean_menu_typo_font_size":0,"ocean_menu_typo_font_size_tablet":0,"ocean_menu_typo_font_size_mobile":0,"ocean_menu_typo_font_size_unit":"px","ocean_menu_typo_font_weight":"","ocean_menu_typo_font_weight_tablet":"","ocean_menu_typo_font_weight_mobile":"","ocean_menu_typo_transform":"","ocean_menu_typo_transform_tablet":"","ocean_menu_typo_transform_mobile":"","ocean_menu_typo_line_height":0,"ocean_menu_typo_line_height_tablet":0,"ocean_menu_typo_line_height_mobile":0,"ocean_menu_typo_line_height_unit":"","ocean_menu_typo_spacing":0,"ocean_menu_typo_spacing_tablet":0,"ocean_menu_typo_spacing_mobile":0,"ocean_menu_typo_spacing_unit":"","ocean_menu_link_color":"","ocean_menu_link_color_hover":"","ocean_menu_link_color_active":"","ocean_menu_link_background":"","ocean_menu_link_hover_background":"","ocean_menu_link_active_background":"","ocean_menu_social_links_bg":"","ocean_menu_social_hover_links_bg":"","ocean_menu_social_links_color":"","ocean_menu_social_hover_links_color":"","ocean_disable_title":"on","ocean_disable_heading":"default","ocean_post_title":"","ocean_post_subheading":"","ocean_post_title_style":"","ocean_post_title_background_color":"","ocean_post_title_background":0,"ocean_post_title_bg_image_position":"","ocean_post_title_bg_image_attachment":"","ocean_post_title_bg_image_repeat":"","ocean_post_title_bg_image_size":"","ocean_post_title_height":0,"ocean_post_title_bg_overlay":0.5,"ocean_post_title_bg_overlay_color":"","ocean_disable_breadcrumbs":"default","ocean_breadcrumbs_color":"","ocean_breadcrumbs_separator_color":"","ocean_breadcrumbs_links_color":"","ocean_breadcrumbs_links_hover_color":"","ocean_display_footer_widgets":"default","ocean_display_footer_bottom":"default","ocean_custom_footer_template":"0","footnotes":""},"class_list":["post-5501","page","type-page","status-publish","hentry","entry"],"_links":{"self":[{"href":"https:\/\/jetzt-erst-recht.info\/en\/wp-json\/wp\/v2\/pages\/5501","targetHints":{"allow":["GET"]}}],"collection":[{"href":"https:\/\/jetzt-erst-recht.info\/en\/wp-json\/wp\/v2\/pages"}],"about":[{"href":"https:\/\/jetzt-erst-recht.info\/en\/wp-json\/wp\/v2\/types\/page"}],"author":[{"embeddable":true,"href":"https:\/\/jetzt-erst-recht.info\/en\/wp-json\/wp\/v2\/users\/1"}],"replies":[{"embeddable":true,"href":"https:\/\/jetzt-erst-recht.info\/en\/wp-json\/wp\/v2\/comments?post=5501"}],"version-history":[{"count":123,"href":"https:\/\/jetzt-erst-recht.info\/en\/wp-json\/wp\/v2\/pages\/5501\/revisions"}],"predecessor-version":[{"id":10050,"href":"https:\/\/jetzt-erst-recht.info\/en\/wp-json\/wp\/v2\/pages\/5501\/revisions\/10050"}],"wp:attachment":[{"href":"https:\/\/jetzt-erst-recht.info\/en\/wp-json\/wp\/v2\/media?parent=5501"}],"curies":[{"name":"wp","href":"https:\/\/api.w.org\/{rel}","templated":true}]}}